{"id":570,"date":"2014-11-28T09:33:10","date_gmt":"2014-11-28T08:33:10","guid":{"rendered":"http:\/\/www.terrehabitat.be\/wp\/?page_id=570"},"modified":"2015-02-27T11:55:19","modified_gmt":"2015-02-27T10:55:19","slug":"ceramique-du-beaujolais","status":"publish","type":"page","link":"https:\/\/www.terrehabitat.be\/wp\/revetements-de-sol\/carreaux-de-terre-cuite-et-gres\/ceramique-du-beaujolais\/","title":{"rendered":"c\u00e9ramique du Beaujolais"},"content":{"rendered":"<div id=\"pl-570\"  class=\"panel-layout\" ><div id=\"pg-570-0\"  class=\"panel-grid panel-no-style\" ><div id=\"pgc-570-0-0\"  class=\"panel-grid-cell\" ><div id=\"panel-570-0-0-0\" class=\"so-panel widget widget_origin_animated-image panel-first-child\" data-index=\"0\" ><div class=\"origin-widget origin-widget-animated-image origin-widget-animated-image-default-default\"><img decoding=\"async\" src=\"https:\/\/www.terrehabitat.be\/wp\/wp-content\/uploads\/2015\/01\/Carrelage-en-terre-cuite-20x20-ton-ros\u00e9-clair-beige-avec-cabochon-\u00e9maill\u00e9-vert-noir-IMG_1941a.jpg\" style=\"visibility:hidden\" data-animation=\"slide-down\" \/><\/div><\/div><div id=\"panel-570-0-0-1\" class=\"so-panel widget widget_black-studio-tinymce widget_black_studio_tinymce panel-last-child\" data-index=\"1\" ><div class=\"textwidget\"><p><a href=\"https:\/\/www.terrehabitat.be\/wp\/wp-content\/uploads\/2015\/01\/c\u00e9rambeaujolaisCOUP22.jpg\"><img loading=\"lazy\" decoding=\"async\" class=\"alignnone  wp-image-1475\" src=\"https:\/\/www.terrehabitat.be\/wp\/wp-content\/uploads\/2015\/01\/c\u00e9rambeaujolaisCOUP22.jpg\" alt=\"c\u00e9rambeaujolaisCOUP2(2)\" width=\"166\" height=\"125\" \/><\/a>\u00a0 \u00a0 \u00a0<a href=\"https:\/\/www.terrehabitat.be\/wp\/wp-content\/uploads\/2015\/01\/c\u00e9rambeaujolais2.jpg\"><img loading=\"lazy\" decoding=\"async\" class=\"alignnone  wp-image-1474\" src=\"https:\/\/www.terrehabitat.be\/wp\/wp-content\/uploads\/2015\/01\/c\u00e9rambeaujolais2.jpg\" alt=\"c\u00e9rambeaujolais2\" width=\"165\" height=\"124\" \/><\/a><\/p>\n<\/div><\/div><\/div><div id=\"pgc-570-0-1\"  class=\"panel-grid-cell\" ><div id=\"panel-570-0-1-0\" class=\"so-panel widget widget_black-studio-tinymce widget_black_studio_tinymce panel-first-child\" data-index=\"2\" ><div class=\"panel-widget-style panel-widget-style-for-570-0-1-0\" ><div class=\"textwidget\"><p>\u00a0<\/p>\n<p>\u00a0<\/p>\n<p>\u00a0 \u00a0 \u00a0 Coloris : nuances entre\u00a0beige,\u00a0ros\u00e9 et rouge<\/p>\n<p>\u00a0 \u00a0 \u00a0 Format\u00a0:\u00a020 cm x 20 cm<\/p>\n<p>\u00a0 \u00a0 \u00a0 Epaisseur : 1.5 cm<\/p>\n<p>\u00a0<\/p>\n<p>\u00a0<\/p>\n<\/div><\/div><\/div><div id=\"panel-570-0-1-1\" class=\"so-panel widget widget_black-studio-tinymce widget_black_studio_tinymce panel-last-child\" data-index=\"3\" ><div class=\"textwidget\"><h5>Carreaux de terre cuite fabriqu\u00e9s manuellement.<\/h5>\n<p>Les ateliers des c\u00e9ramiques du Beaujolais\u00a0perp\u00e9tuent la fabrication authentique de carreaux en terre cuite. Aucun produit chimique n'est ajout\u00e9 et le taux de radioactivit\u00e9 est en dessous de 15 bequerels. Le syst\u00e8me de fabrication sous vide d'air permet d'obtenir une p\u00e2te compacte et tr\u00e8s serr\u00e9e, conf\u00e9rant aux carreaux de terre cuite une duret\u00e9, une r\u00e9sistance m\u00e9canique \u00e0 l'usure r\u00e9pondant au marquage CE, gage de la qualit\u00e9 de ce produit.<\/p>\n<p>Fa\u00e7onnage manuel, s\u00e9chage \u00e0 l'air chaud et cuisson \u00e0 plus de 1000\u00b0.<\/p>\n<p><a href=\"http:\/\/www.ceramiques-du-beaujolais.com\/couleurs-carreaux-terre-cuite.php#.VPBMXizp77A\">Vers le site du producteur <\/a><\/p>\n<\/div><\/div><\/div><\/div><\/div>","protected":false},"excerpt":{"rendered":"<p>\u00a0 \u00a0 \u00a0 \u00a0\u00a0\u00a0 \u00a0 \u00a0 Coloris : nuances entre\u00a0beige,\u00a0ros\u00e9 et rouge\u00a0 \u00a0 \u00a0 Format\u00a0:\u00a020 cm x 20 cm\u00a0 \u00a0 \u00a0 Epaisseur : 1.5 cm\u00a0\u00a0 Carreaux de terre cuite fabriqu\u00e9s manuellement.Les ateliers des c\u00e9ramiques du Beaujolais\u00a0perp\u00e9tuent la fabrication authentique de carreaux en terre cuite. Aucun produit chimique n&rsquo;est ajout\u00e9 et&#8230;<\/p>\n","protected":false},"author":2183,"featured_media":0,"parent":201,"menu_order":1,"comment_status":"closed","ping_status":"closed","template":"page-fullwidth.php","meta":{"footnotes":""},"class_list":["post-570","page","type-page","status-publish","hentry"],"_links":{"self":[{"href":"https:\/\/www.terrehabitat.be\/wp\/wp-json\/wp\/v2\/pages\/570","targetHints":{"allow":["GET"]}}],"collection":[{"href":"https:\/\/www.terrehabitat.be\/wp\/wp-json\/wp\/v2\/pages"}],"about":[{"href":"https:\/\/www.terrehabitat.be\/wp\/wp-json\/wp\/v2\/types\/page"}],"author":[{"embeddable":true,"href":"https:\/\/www.terrehabitat.be\/wp\/wp-json\/wp\/v2\/users\/2183"}],"replies":[{"embeddable":true,"href":"https:\/\/www.terrehabitat.be\/wp\/wp-json\/wp\/v2\/comments?post=570"}],"version-history":[{"count":14,"href":"https:\/\/www.terrehabitat.be\/wp\/wp-json\/wp\/v2\/pages\/570\/revisions"}],"predecessor-version":[{"id":2445,"href":"https:\/\/www.terrehabitat.be\/wp\/wp-json\/wp\/v2\/pages\/570\/revisions\/2445"}],"up":[{"embeddable":true,"href":"https:\/\/www.terrehabitat.be\/wp\/wp-json\/wp\/v2\/pages\/201"}],"wp:attachment":[{"href":"https:\/\/www.terrehabitat.be\/wp\/wp-json\/wp\/v2\/media?parent=570"}],"curies":[{"name":"wp","href":"https:\/\/api.w.org\/{rel}","templated":true}]}}