{"id":446,"date":"2014-11-27T14:03:14","date_gmt":"2014-11-27T13:03:14","guid":{"rendered":"http:\/\/www.terrehabitat.be\/wp\/?page_id=446"},"modified":"2015-02-10T14:36:04","modified_gmt":"2015-02-10T13:36:04","slug":"steico-floor-isolation-des-planchers-et-cloisons","status":"publish","type":"page","link":"https:\/\/www.terrehabitat.be\/wp\/liste-des-materiaux-ecologiques\/isolation-thermique-ecologique\/laine-de-bois\/steico\/steico-floor-isolation-des-planchers-et-cloisons\/","title":{"rendered":"Steico floor &#8211; isolation des planchers et cloisons"},"content":{"rendered":"<div id=\"pl-446\"  class=\"panel-layout\" ><div id=\"pg-446-0\"  class=\"panel-grid panel-no-style\" ><div id=\"pgc-446-0-0\"  class=\"panel-grid-cell\" ><div id=\"panel-446-0-0-0\" class=\"so-panel widget widget_origin_animated-image panel-first-child\" data-index=\"0\" ><div class=\"origin-widget origin-widget-animated-image origin-widget-animated-image-default-default\"><img decoding=\"async\" src=\"https:\/\/www.terrehabitat.be\/wp\/wp-content\/uploads\/2015\/02\/steico_floor_boden-platten-leisten-verlegt-14_280_280_s_c1.jpg\" style=\"visibility:hidden\" data-animation=\"slide-down\" \/><\/div><\/div><div id=\"panel-446-0-0-1\" class=\"so-panel widget widget_black-studio-tinymce widget_black_studio_tinymce\" data-index=\"1\" ><div class=\"textwidget\"><p><a href=\"https:\/\/www.terrehabitat.be\/wp\/wp-content\/uploads\/2015\/02\/STEICO_FLOOR.pdf\"><img loading=\"lazy\" decoding=\"async\" class=\"alignnone  wp-image-1758\" src=\"https:\/\/www.terrehabitat.be\/wp\/wp-content\/uploads\/2015\/02\/t\u00e9l\u00e9chargements-640x130.jpg\" alt=\"t\u00e9l\u00e9chargements\" width=\"241\" height=\"49\" srcset=\"https:\/\/www.terrehabitat.be\/wp\/wp-content\/uploads\/2015\/02\/t\u00e9l\u00e9chargements-640x130.jpg 640w, https:\/\/www.terrehabitat.be\/wp\/wp-content\/uploads\/2015\/02\/t\u00e9l\u00e9chargements-1024x208.jpg 1024w, https:\/\/www.terrehabitat.be\/wp\/wp-content\/uploads\/2015\/02\/t\u00e9l\u00e9chargements-600x122.jpg 600w\" sizes=\"auto, (max-width: 241px) 100vw, 241px\" \/><\/a><\/p>\n<\/div><\/div><div id=\"panel-446-0-0-2\" class=\"so-panel widget widget_black-studio-tinymce widget_black_studio_tinymce panel-last-child\" data-index=\"2\" ><div class=\"textwidget\"><p><a href=\"https:\/\/www.terrehabitat.be\/wp\/wp-content\/uploads\/2015\/01\/FSC-Logo-mittext_2014-661308ec.png\"><img loading=\"lazy\" decoding=\"async\" class=\"alignnone  wp-image-1397\" src=\"https:\/\/www.terrehabitat.be\/wp\/wp-content\/uploads\/2015\/01\/FSC-Logo-mittext_2014-661308ec.png\" alt=\"FSC-Logo-mittext_2014-661308ec\" width=\"61\" height=\"88\" \/><\/a>\u00a0 \u00a0<a href=\"https:\/\/www.terrehabitat.be\/wp\/wp-content\/uploads\/2015\/01\/images1.jpg\"><img loading=\"lazy\" decoding=\"async\" class=\"alignnone  wp-image-867\" src=\"https:\/\/www.terrehabitat.be\/wp\/wp-content\/uploads\/2015\/01\/images1.jpg\" alt=\"images\" width=\"78\" height=\"86\" \/><\/a><\/p>\n<\/div><\/div><\/div><div id=\"pgc-446-0-1\"  class=\"panel-grid-cell\" ><div id=\"panel-446-0-1-0\" class=\"so-panel widget widget_black-studio-tinymce widget_black_studio_tinymce panel-first-child\" data-index=\"3\" ><div class=\"panel-widget-style panel-widget-style-for-446-0-1-0\" ><div class=\"textwidget\"><p class=\"extra20\">\u00a0 \u00a0 \u00a0Coeff. de conductivit\u00e9 thermique: 0,040 W\/mK<\/p>\n<p class=\"extra20\">\u00a0 \u00a0 \u00a0Chaleur sp\u00e9cifique: 2100 J\/kgK<\/p>\n<p class=\"extra20\">\u00a0 \u00a0 \u00a0Densit\u00e9: 160 kg\/m\u00b3<\/p>\n<p class=\"extra20\">\u00a0 \u00a0 \u00a0Classe\u00a0feu (DIN EN 13501-1): E.<\/p>\n<p>\u00a0<\/p>\n<\/div><\/div><\/div><div id=\"panel-446-0-1-1\" class=\"so-panel widget widget_black-studio-tinymce widget_black_studio_tinymce panel-last-child\" data-index=\"4\" ><div class=\"textwidget\"><h5 class=\"extra20\">Panneau isolant fibre de bois FSC, r\u00e9sistant \u00e0 la pression, con\u00e7u pour l\u2019isolation thermique et acoustique de planchers massifs. Assemblage impeccable gr\u00e2ce aux lambourdes. FSC<\/h5>\n<h4><strong>Applications.<\/strong><\/h4>\n<ul>\n<li>Isolant pour <strong>plancher, parquet massif<\/strong><\/li>\n<li>Pose sans ponts sonores (bruits d'impacts) et thermiques.<\/li>\n<li>Isolant phonique et thermique <strong>pour de nombreux types de rev\u00eatement de sol<\/strong><\/li>\n<li>\u00c9galement utilisable dans les <strong>cloisons et parois.<\/strong><\/li>\n<\/ul>\n<h4><strong>Avantages.<\/strong><\/h4>\n<ul>\n<li>Pose optimis\u00e9e par fixation m\u00e9canique du parquet massif sur lambourdes (rainure-languette)<\/li>\n<li>Excellentes propri\u00e9t\u00e9s isolantes<\/li>\n<li>Ouvert \u00e0 la diffusion de vapeur d'eau (perspirant)<\/li>\n<li>R\u00e9gulateur hygrom\u00e9trique gr\u00e2ce \u00e0 sa grande capacit\u00e9 d'absorption<\/li>\n<li>G\u00e9n\u00e8re\u00a0une atmosph\u00e8re int\u00e9rieure saine et agr\u00e9able<\/li>\n<li>\u00c9cologique, respecte l'environnement, recyclable<\/li>\n<\/ul>\n<p>Steico floor est test\u00e9 et agr\u00e9\u00e9 selon les normes europ\u00e9ennes en vigueur.<\/p>\n<p>\u00a0<\/p>\n<\/div><\/div><\/div><\/div><\/div>","protected":false},"excerpt":{"rendered":"<p>\u00a0 \u00a0 \u00a0 \u00a0 \u00a0Coeff. de conductivit\u00e9 thermique: 0,040 W\/mK\u00a0 \u00a0 \u00a0Chaleur sp\u00e9cifique: 2100 J\/kgK\u00a0 \u00a0 \u00a0Densit\u00e9: 160 kg\/m\u00b3\u00a0 \u00a0 \u00a0Classe\u00a0feu (DIN EN 13501-1): E.\u00a0 Panneau isolant fibre de bois FSC, r\u00e9sistant \u00e0 la pression, con\u00e7u pour l\u2019isolation thermique et acoustique de planchers massifs. Assemblage impeccable gr\u00e2ce aux lambourdes. FSCApplications.Isolant&#8230;<\/p>\n","protected":false},"author":2183,"featured_media":0,"parent":153,"menu_order":2,"comment_status":"closed","ping_status":"closed","template":"page-fullwidth.php","meta":{"footnotes":""},"class_list":["post-446","page","type-page","status-publish","hentry"],"_links":{"self":[{"href":"https:\/\/www.terrehabitat.be\/wp\/wp-json\/wp\/v2\/pages\/446","targetHints":{"allow":["GET"]}}],"collection":[{"href":"https:\/\/www.terrehabitat.be\/wp\/wp-json\/wp\/v2\/pages"}],"about":[{"href":"https:\/\/www.terrehabitat.be\/wp\/wp-json\/wp\/v2\/types\/page"}],"author":[{"embeddable":true,"href":"https:\/\/www.terrehabitat.be\/wp\/wp-json\/wp\/v2\/users\/2183"}],"replies":[{"embeddable":true,"href":"https:\/\/www.terrehabitat.be\/wp\/wp-json\/wp\/v2\/comments?post=446"}],"version-history":[{"count":7,"href":"https:\/\/www.terrehabitat.be\/wp\/wp-json\/wp\/v2\/pages\/446\/revisions"}],"predecessor-version":[{"id":2187,"href":"https:\/\/www.terrehabitat.be\/wp\/wp-json\/wp\/v2\/pages\/446\/revisions\/2187"}],"up":[{"embeddable":true,"href":"https:\/\/www.terrehabitat.be\/wp\/wp-json\/wp\/v2\/pages\/153"}],"wp:attachment":[{"href":"https:\/\/www.terrehabitat.be\/wp\/wp-json\/wp\/v2\/media?parent=446"}],"curies":[{"name":"wp","href":"https:\/\/api.w.org\/{rel}","templated":true}]}}